{"id":159,"date":"2019-08-15T13:19:00","date_gmt":"2019-08-15T11:19:00","guid":{"rendered":"https:\/\/ampf.info\/c\/?page_id=159"},"modified":"2023-05-04T03:28:19","modified_gmt":"2023-05-04T01:28:19","slug":"impressum","status":"publish","type":"page","link":"https:\/\/ampf.info\/c\/impressum\/","title":{"rendered":"Impressum"},"content":{"rendered":"<p>[vc_row][vc_column][vc_column_text]<\/p>\n<h2>Angaben gem\u00e4\u00df \u00a7 5 TMG<\/h2>\n<p>Arbeitskreis Musikp\u00e4dagogische Forschung<br \/>\nAmtsgericht Charlottenburg, Registernummer 4493<br \/>\nSteuernummer\u00a0 317\/5942\/3941<\/p>\n<h2><\/h2>\n<h2>Vertreten durch<\/h2>\n<p>Prof. Dr. Bernd Clausen<br \/>\nUniversit\u00e4t Siegen<br \/>\nAdolf-Reichwein-Str. 2<br \/>\n57068 Siegen<\/p>\n<p>Dr. Lukas Bugiel<br \/>\nHochschule f\u00fcr Musik und Theater Leipzig<br \/>\nInstitut f\u00fcr Musikp\u00e4dagogik<br \/>\nDittrichring 21<br \/>\n04109 Leipzig<\/p>\n<p>Dr. Ute Konrad<br \/>\nUniversit\u00e4t der K\u00fcnste Berlin<br \/>\nInstitut f\u00fcr Musikp\u00e4dagogik<br \/>\nPostfach 12 05 44<br \/>\n10595 Berlin<\/p>\n<p>geschaeftsstelle[at]ampf.info<\/p>\n<h2><\/h2>\n<h2>Bilder<\/h2>\n<p>Willkommen: Tzido Sun, <a href=\"https:\/\/www.shutterstock.com\/de\/image-photo\/banner-abstract-blurred-photo-conference-hall-1336362089\">shutterstock<\/a><br \/>\nWelcome: Tzido Sun, <a href=\"https:\/\/www.shutterstock.com\/de\/image-photo\/banner-abstract-blurred-photo-conference-hall-1336362089\">shutterstock<\/a><br \/>\nDer Verein: Tzido Sun, <a href=\"https:\/\/www.shutterstock.com\/de\/image-photo\/banner-abstract-blurred-photo-conference-hall-1336362089\">shutterstock<\/a><br \/>\nZiele: Francesco Gallarotti, <a href=\"https:\/\/unsplash.com\/photos\/ruQHpukrN7c\">unsplash<\/a><br \/>\n<span style=\"font-size: 1rem;\">Vorstand: fauxels, <a href=\"https:\/\/www.pexels.com\/photo\/photo-of-people-having-meeting-3183186\/\">pexels<\/a><br \/>\n<\/span><span style=\"font-size: 1rem;\">Forschungspreis: Pixabay, <a href=\"https:\/\/www.pexels.com\/photo\/book-pages-books-close-up-grass-415078\/\">pexels<\/a><\/span><br \/>\n<span style=\"font-size: 1rem;\">Publikationen: Anne Niessen<br \/>\nAllgemeine Informationen zu Publikationen: Patrick Tomasso, <a href=\"https:\/\/unsplash.com\/photos\/Oaqk7qqNh_c\">unsplash<\/a><br \/>\nJahrestagung: Jonas Kakaroto, <a href=\"https:\/\/www.pexels.com\/photo\/empt-chair-lot-2914419\/\">pexels<\/a><br \/>\n<\/span><span style=\"font-size: 1rem;\">Mitgliedschaft:\u00a0<\/span>Headway, <a href=\"https:\/\/unsplash.com\/photos\/5QgIuuBxKwM\">unsplash<\/a>[\/vc_column_text][\/vc_column][\/vc_row]<\/p>\n","protected":false},"excerpt":{"rendered":"<p class=\"card-text\">[vc_row][vc_column][vc_column_text] Angaben gem\u00e4\u00df \u00a7 5 TMG Arbeitskreis Musikp\u00e4dagogische Forschung Amtsgericht Charlottenburg, Registernummer 4493 Steuernummer\u00a0 317\/5942\/3941 Vertreten durch Prof. Dr. Bernd Clausen Universit\u00e4t Siegen Adolf-Reichwein-Str. 2 57068 Siegen Dr. Lukas Bugiel Hochschule f\u00fcr Musik und Theater Leipzig Institut f\u00fcr Musikp\u00e4dagogik Dittrichring 21 04109 Leipzig Dr. Ute Konrad Universit\u00e4t der K\u00fcnste Berlin Institut f\u00fcr Musikp\u00e4dagogik Postfach 12 [&#8230;]<\/p>\n<p class=\"m-0\"><a class=\"btn btn-outline-secondary btn-read-more\" href=\"https:\/\/ampf.info\/c\/impressum\/\">Read More<\/a><\/p>\n","protected":false},"author":1,"featured_media":0,"parent":0,"menu_order":0,"comment_status":"closed","ping_status":"closed","template":"","meta":{"footnotes":""},"class_list":["post-159","page","type-page","status-publish","hentry"],"_links":{"self":[{"href":"https:\/\/ampf.info\/c\/wp-json\/wp\/v2\/pages\/159","targetHints":{"allow":["GET"]}}],"collection":[{"href":"https:\/\/ampf.info\/c\/wp-json\/wp\/v2\/pages"}],"about":[{"href":"https:\/\/ampf.info\/c\/wp-json\/wp\/v2\/types\/page"}],"author":[{"embeddable":true,"href":"https:\/\/ampf.info\/c\/wp-json\/wp\/v2\/users\/1"}],"replies":[{"embeddable":true,"href":"https:\/\/ampf.info\/c\/wp-json\/wp\/v2\/comments?post=159"}],"version-history":[{"count":22,"href":"https:\/\/ampf.info\/c\/wp-json\/wp\/v2\/pages\/159\/revisions"}],"predecessor-version":[{"id":804,"href":"https:\/\/ampf.info\/c\/wp-json\/wp\/v2\/pages\/159\/revisions\/804"}],"wp:attachment":[{"href":"https:\/\/ampf.info\/c\/wp-json\/wp\/v2\/media?parent=159"}],"curies":[{"name":"wp","href":"https:\/\/api.w.org\/{rel}","templated":true}]}}