{"id":33,"date":"2019-07-25T14:50:01","date_gmt":"2019-07-25T12:50:01","guid":{"rendered":"https:\/\/ampf.info\/c\/?page_id=33"},"modified":"2022-04-08T00:58:00","modified_gmt":"2022-04-07T22:58:00","slug":"der-verein","status":"publish","type":"page","link":"https:\/\/ampf.info\/c\/der-verein\/","title":{"rendered":"Der Verein"},"content":{"rendered":"<p>[vc_row][vc_column][vc_empty_space][\/vc_column][\/vc_row][vc_row][vc_column width=&#8220;2\/3&#8243;][vc_column_text]<\/p>\n<h2>Der Verein: Ziele \u2013 Arbeitsformen \u2013 Organisation<\/h2>\n<p align=\"left\">Aufgabe des AMPF ist die Anregung und F\u00f6rderung musikp\u00e4dagogischer Forschung in der ganzen Breite des Faches und die Verankerung ihrer Relevanz im Bewusstsein der \u00d6ffentlichkeit. <a href=\"https:\/\/ampf.info\/c\/wp-content\/uploads\/2020\/06\/Satzung-AMPF-Fassung-Homepage-2019-09.pdf\">Satzungsgem\u00e4\u00df<\/a>\u00a0unterst\u00fctzt der AMPF die Vernetzung und Arbeit von Wissenschaftler*innen in Qualifikationsphasen.<\/p>\n<p>J\u00e4hrlich f\u00fchrt der AMPF eine\u00a0<a href=\"https:\/\/ampf.info\/c\/jahrestagung\/\">Tagung<\/a> durch, auf der wissenschaftliche Poster und Referate \u00fcber laufende oder abgeschlossene Forschungen pr\u00e4sentiert werden k\u00f6nnen (weitere Informationen im jeweiligen Call for Papers). Der Vorstand l\u00e4dt zus\u00e4tzlich Gastreferent*innen bzw. -referenten aus angrenzenden Wissenschaftssparten zu Vortr\u00e4gen ein. <span style=\"font-size: 1rem;\">In einem j\u00e4hrlich erscheinenden Tagungsband in der Reihe <\/span><a style=\"background-color: #ffffff; font-size: 1rem;\" href=\"https:\/\/ampf.info\/c\/publikationen\/\">\u201eMusikp\u00e4dagogische Forschung\u201c<\/a><span style=\"font-size: 1rem;\"> werden die Ergebnisse der Jahrestagungen ver\u00f6ffentlicht. <\/span><\/p>\n<p>Der AMPF ist Mitglied in der\u00a0<a href=\"http:\/\/www.xn--musikpdagogik-gfb.net\/Foederation.html\">F\u00f6deration Musikp\u00e4dagogischer Verb\u00e4nde<\/a> und in der <a href=\"https:\/\/www.fachdidaktik.org\/\">Gesellschaft f\u00fcr Fachdidaktik<\/a> (GFD). Organe des AMPF sind die Mitgliederversammlung und der <a href=\"https:\/\/ampf.info\/c\/vorstand\/\">Vorstand<\/a>, der f\u00fcr jeweils drei Jahre gew\u00e4hlt wird. Die oder der Vorsitzende und zwei Stellvertreter*innen amtieren nach dem Rotationsprinzip f\u00fcr eine jeweils einj\u00e4hrige Amtszeit. Mitglieder des Vorstands sind au\u00dferdem ein wissenschaftlicher Beirat, der aus drei Personen besteht, und eine Gesch\u00e4ftsf\u00fchrerin bzw. ein Gesch\u00e4ftsf\u00fchrer.[\/vc_column_text][\/vc_column][vc_column width=&#8220;1\/3&#8243;][vc_column_text]<\/p>\n<h3>Hier geht es weiter<\/h3>\n<p><a href=\"https:\/\/ampf.info\/c\/der-verein\/mitgliedschaft\/\">Mitglied werden<\/a><br \/>\n<a href=\"https:\/\/ampf.info\/c\/wp-content\/uploads\/2020\/06\/Satzung-AMPF-Fassung-Homepage-2019-09.pdf\">Satzung<\/a><br \/>\n<a href=\"https:\/\/ampf.info\/c\/der-verein\/vorstand\/\">Vorstand<\/a><br \/>\n<a href=\"https:\/\/ampf.info\/c\/der-verein\/forschungspreis\/\">Forschungspreis<\/a><\/p>\n<p><a href=\"https:\/\/ampf.info\/forum\/\">Zum AMPF-Forum<\/a><\/p>\n<p><a href=\"https:\/\/ampf.info\/c\/der-verein\/promovierendennetzwerk\/\">Promovierendennetzwerk<\/a><br \/>\n<a href=\"https:\/\/ampf.info\/c\/wp-content\/uploads\/2020\/11\/Zusammenarbeit-Vorstand-Netzwerk.pdf\">Vereinbarungen fu\u0308r eine \u201agute Praxis\u2018 der Zusammenarbeit des AMPF-Vorstands mit dem Promovierendenetzwerk<\/a><\/p>\n<p><a href=\"https:\/\/ampf.info\/c\/wp-content\/uploads\/2020\/11\/Resolution-gegen-Rechtspopulismus.pdf\">Resolution gegen Rechtspopulismus<\/a>[\/vc_column_text][\/vc_column][\/vc_row]<\/p>\n","protected":false},"excerpt":{"rendered":"<p class=\"card-text\">[vc_row][vc_column][vc_empty_space][\/vc_column][\/vc_row][vc_row][vc_column width=&#8220;2\/3&#8243;][vc_column_text] Der Verein: Ziele \u2013 Arbeitsformen \u2013 Organisation Aufgabe des AMPF ist die Anregung und F\u00f6rderung musikp\u00e4dagogischer Forschung in der ganzen Breite des Faches und die Verankerung ihrer Relevanz im Bewusstsein der \u00d6ffentlichkeit. Satzungsgem\u00e4\u00df\u00a0unterst\u00fctzt der AMPF die Vernetzung und Arbeit von Wissenschaftler*innen in Qualifikationsphasen. J\u00e4hrlich f\u00fchrt der AMPF eine\u00a0Tagung durch, auf der wissenschaftliche Poster [&#8230;]<\/p>\n<p class=\"m-0\"><a class=\"btn btn-outline-secondary btn-read-more\" href=\"https:\/\/ampf.info\/c\/der-verein\/\">Read More<\/a><\/p>\n","protected":false},"author":1,"featured_media":0,"parent":0,"menu_order":0,"comment_status":"closed","ping_status":"closed","template":"","meta":{"footnotes":""},"class_list":["post-33","page","type-page","status-publish","hentry"],"_links":{"self":[{"href":"https:\/\/ampf.info\/c\/wp-json\/wp\/v2\/pages\/33","targetHints":{"allow":["GET"]}}],"collection":[{"href":"https:\/\/ampf.info\/c\/wp-json\/wp\/v2\/pages"}],"about":[{"href":"https:\/\/ampf.info\/c\/wp-json\/wp\/v2\/types\/page"}],"author":[{"embeddable":true,"href":"https:\/\/ampf.info\/c\/wp-json\/wp\/v2\/users\/1"}],"replies":[{"embeddable":true,"href":"https:\/\/ampf.info\/c\/wp-json\/wp\/v2\/comments?post=33"}],"version-history":[{"count":27,"href":"https:\/\/ampf.info\/c\/wp-json\/wp\/v2\/pages\/33\/revisions"}],"predecessor-version":[{"id":723,"href":"https:\/\/ampf.info\/c\/wp-json\/wp\/v2\/pages\/33\/revisions\/723"}],"wp:attachment":[{"href":"https:\/\/ampf.info\/c\/wp-json\/wp\/v2\/media?parent=33"}],"curies":[{"name":"wp","href":"https:\/\/api.w.org\/{rel}","templated":true}]}}