{"id":6,"date":"2019-07-07T11:39:11","date_gmt":"2019-07-07T09:39:11","guid":{"rendered":"https:\/\/ampf.info\/c\/?page_id=6"},"modified":"2026-02-15T17:01:43","modified_gmt":"2026-02-15T16:01:43","slug":"willkommen","status":"publish","type":"page","link":"https:\/\/ampf.info\/c\/","title":{"rendered":"Willkommen"},"content":{"rendered":"<p>[vc_row][vc_column][vc_empty_space][\/vc_column][\/vc_row][vc_row][vc_column width=&#8220;2\/3&#8243;][vc_column_text]<\/p>\n<h2>Herzlich willkommen auf den Seiten des Arbeitskreises Musikp\u00e4dagogische Forschung<\/h2>\n<p>Die Aufgabe unseres 1972 gegr\u00fcndeten Vereins ist die Anregung und F\u00f6rderung musikp\u00e4dagogischer Forschung und die Verankerung ihrer Notwendigkeit f\u00fcr die Gesellschaft im Bewusstsein der \u00d6ffentlichkeit.<\/p>\n<p>Auf unserer Website k\u00f6nnen Sie sich einen ersten \u00dcberblick \u00fcber unsere Arbeit verschaffen, in den <a href=\"https:\/\/ampf.info\/c\/publikationen\/\">Publikationen<\/a> st\u00f6bern, sich \u00fcber die j\u00e4hrlich stattfindenden wissenschaftlichen <a href=\"https:\/\/ampf.info\/c\/jahrestagung\/\">Tagungen <\/a>informieren oder unser <a href=\"https:\/\/ampf.info\/forum\/\">Forum<\/a> besuchen.[\/vc_column_text][\/vc_column][vc_column width=&#8220;1\/3&#8243;][vc_column_text]<\/p>\n<h3>Vorstand<\/h3>\n<p>Prof. Dr. Julia Bali-Weber<br \/>\nProf. Dr. Bernd Clausen<br \/>\nProf. Dr. Kerstin Weuthen<\/p>\n<p><a href=\"https:\/\/ampf.info\/c\/der-verein\/vorstand\/\">Mehr Informationen zum Vorstand<\/a><\/p>\n<h3>Gesch\u00e4ftsf\u00fchrung<\/h3>\n<p>Veronika Phung<br \/>\nPostfach 21 44<br \/>\n65770 Kelkheim[\/vc_column_text][\/vc_column][\/vc_row]<\/p>\n","protected":false},"excerpt":{"rendered":"<p class=\"card-text\">[vc_row][vc_column][vc_empty_space][\/vc_column][\/vc_row][vc_row][vc_column width=&#8220;2\/3&#8243;][vc_column_text] Herzlich willkommen auf den Seiten des Arbeitskreises Musikp\u00e4dagogische Forschung Die Aufgabe unseres 1972 gegr\u00fcndeten Vereins ist die Anregung und F\u00f6rderung musikp\u00e4dagogischer Forschung und die Verankerung ihrer Notwendigkeit f\u00fcr die Gesellschaft im Bewusstsein der \u00d6ffentlichkeit. Auf unserer Website k\u00f6nnen Sie sich einen ersten \u00dcberblick \u00fcber unsere Arbeit verschaffen, in den Publikationen st\u00f6bern, sich \u00fcber [&#8230;]<\/p>\n<p class=\"m-0\"><a class=\"btn btn-outline-secondary btn-read-more\" href=\"https:\/\/ampf.info\/c\/\">Read More<\/a><\/p>\n","protected":false},"author":1,"featured_media":0,"parent":0,"menu_order":0,"comment_status":"closed","ping_status":"closed","template":"","meta":{"footnotes":""},"class_list":["post-6","page","type-page","status-publish","hentry"],"_links":{"self":[{"href":"https:\/\/ampf.info\/c\/wp-json\/wp\/v2\/pages\/6","targetHints":{"allow":["GET"]}}],"collection":[{"href":"https:\/\/ampf.info\/c\/wp-json\/wp\/v2\/pages"}],"about":[{"href":"https:\/\/ampf.info\/c\/wp-json\/wp\/v2\/types\/page"}],"author":[{"embeddable":true,"href":"https:\/\/ampf.info\/c\/wp-json\/wp\/v2\/users\/1"}],"replies":[{"embeddable":true,"href":"https:\/\/ampf.info\/c\/wp-json\/wp\/v2\/comments?post=6"}],"version-history":[{"count":61,"href":"https:\/\/ampf.info\/c\/wp-json\/wp\/v2\/pages\/6\/revisions"}],"predecessor-version":[{"id":919,"href":"https:\/\/ampf.info\/c\/wp-json\/wp\/v2\/pages\/6\/revisions\/919"}],"wp:attachment":[{"href":"https:\/\/ampf.info\/c\/wp-json\/wp\/v2\/media?parent=6"}],"curies":[{"name":"wp","href":"https:\/\/api.w.org\/{rel}","templated":true}]}}